{"id":1577,"date":"2025-04-17T10:23:25","date_gmt":"2025-04-17T10:23:25","guid":{"rendered":"https:\/\/jaffvtt.fr\/?page_id=1577"},"modified":"2025-04-17T16:19:53","modified_gmt":"2025-04-17T16:19:53","slug":"conditions-de-location-de-velo","status":"publish","type":"page","link":"https:\/\/jaffvtt.fr\/index.php\/conditions-de-location-de-velo\/","title":{"rendered":"Conditions de Location de V\u00e9lo"},"content":{"rendered":"\t\t<div data-elementor-type=\"wp-page\" data-elementor-id=\"1577\" class=\"elementor elementor-1577\">\n\t\t\t\t<div class=\"elementor-element elementor-element-d495da5 e-flex e-con-boxed e-con e-parent\" data-id=\"d495da5\" data-element_type=\"container\" data-e-type=\"container\">\n\t\t\t\t\t<div class=\"e-con-inner\">\n\t\t\t\t<div class=\"elementor-element elementor-element-03abf43 elementor-widget elementor-widget-heading\" data-id=\"03abf43\" data-element_type=\"widget\" data-e-type=\"widget\" data-widget_type=\"heading.default\">\n\t\t\t\t<div class=\"elementor-widget-container\">\n\t\t\t\t\t<h2 class=\"elementor-heading-title elementor-size-default\">CONDITIONS DE LOCATION DE V\u00c9LO<\/h2>\t\t\t\t<\/div>\n\t\t\t\t<\/div>\n\t\t\t\t\t<\/div>\n\t\t\t\t<\/div>\n\t\t<div class=\"elementor-element elementor-element-b815205 e-flex e-con-boxed e-con e-parent\" data-id=\"b815205\" data-element_type=\"container\" data-e-type=\"container\" data-settings=\"{&quot;background_background&quot;:&quot;classic&quot;}\">\n\t\t\t\t\t<div class=\"e-con-inner\">\n\t\t\t\t<div class=\"elementor-element elementor-element-fbd3338 elementor-widget elementor-widget-text-editor\" data-id=\"fbd3338\" data-element_type=\"widget\" data-e-type=\"widget\" data-widget_type=\"text-editor.default\">\n\t\t\t\t<div class=\"elementor-widget-container\">\n\t\t\t\t\t\t\t\t\t<p><b>\u00c9tat du V\u00e9lo :<\/b><b><\/b><\/p><ul><li>Le v\u00e9lo qui vous est fourni a \u00e9t\u00e9 minutieusement inspect\u00e9 et est en excellent \u00e9tat de fonctionnement au moment de la location.<\/li><li>Tout dommage ou probl\u00e8me pr\u00e9existant doit \u00eatre signal\u00e9 \u00e0 notre personnel avant de partir du magasin.<\/li><\/ul><p><b>Responsabilit\u00e9 du Locataire :<\/b><b><\/b><\/p><ul><li>En tant que locataire, vous \u00eates enti\u00e8rement responsable du v\u00e9lo et de ses composants pendant la p\u00e9riode de location.<\/li><li>Vous vous engagez \u00e0 manipuler le v\u00e9lo avec soin et \u00e0 l&#8217;utiliser de mani\u00e8re responsable, en respectant toutes les lois et r\u00e8glements applicables.<\/li><\/ul><p><b>Responsabilit\u00e9 en cas de dommage :<\/b><b><\/b><\/p><ul><li>Vous \u00eates responsable de tout dommage, perte ou vol du v\u00e9lo et de ses composants pendant qu&#8217;il est en votre possession.<\/li><li>En cas de dommage ou de perte, vous serez responsable des frais de r\u00e9paration ou de remplacement d\u00e9termin\u00e9s par notre personnel.<\/li><\/ul><p><b>Politique de Retour :<\/b><b><\/b><\/p><ul><li>Le v\u00e9lo doit \u00eatre retourn\u00e9 dans le m\u00eame \u00e9tat que celui dans lequel il a \u00e9t\u00e9 lou\u00e9, \u00e0 l&#8217;exclusion de l&#8217;usure normale.<\/li><li>Le v\u00e9lo doit \u00eatre retourn\u00e9 tous les deux jours pour \u00eatre v\u00e9rifi\u00e9 et le maintenir en parfait \u00e9tat pour vos sorties.<\/li><li>Veuillez retourner le v\u00e9lo au magasin \u00e0 l&#8217;heure convenue pour \u00e9viter des frais suppl\u00e9mentaires.<\/li><\/ul><p><b>Pr\u00e9-paiement \/ caution :<\/b><b><\/b><\/p><ul><li>Un paiement en avance est requis pour garantir votre location de v\u00e9lo. Ce paiement sera appliqu\u00e9 au co\u00fbt total de la location.<\/li><li>Une pi\u00e8ce d&#8217;identit\u00e9 correspondant au nom du titulaire de la carte est requise comme d\u00e9p\u00f4t pour votre location.<\/li><\/ul><p><b>En louant un v\u00e9lo chez nous, vous reconnaissez et acceptez les conditions ci-dessus.<\/b><\/p>\t\t\t\t\t\t\t\t<\/div>\n\t\t\t\t<\/div>\n\t\t\t\t\t<\/div>\n\t\t\t\t<\/div>\n\t\t<div class=\"elementor-element elementor-element-cb75b4d e-flex e-con-boxed e-con e-parent\" data-id=\"cb75b4d\" data-element_type=\"container\" data-e-type=\"container\">\n\t\t\t\t\t<div class=\"e-con-inner\">\n\t\t\t\t<div class=\"elementor-element elementor-element-5f05a66 elementor-widget elementor-widget-spacer\" data-id=\"5f05a66\" data-element_type=\"widget\" data-e-type=\"widget\" data-widget_type=\"spacer.default\">\n\t\t\t\t<div class=\"elementor-widget-container\">\n\t\t\t\t\t\t\t<div class=\"elementor-spacer\">\n\t\t\t<div class=\"elementor-spacer-inner\"><\/div>\n\t\t<\/div>\n\t\t\t\t\t\t<\/div>\n\t\t\t\t<\/div>\n\t\t\t\t\t<\/div>\n\t\t\t\t<\/div>\n\t\t\t\t<\/div>\n\t\t","protected":false},"excerpt":{"rendered":"<p>CONDITIONS DE LOCATION DE V\u00c9LO \u00c9tat du V\u00e9lo : Le v\u00e9lo qui vous est fourni a \u00e9t\u00e9 minutieusement inspect\u00e9 et est en excellent \u00e9tat de fonctionnement au moment de la location. Tout dommage ou probl\u00e8me pr\u00e9existant doit \u00eatre signal\u00e9 \u00e0 notre personnel avant de partir du magasin. Responsabilit\u00e9 du Locataire : En tant que locataire, &hellip; <\/p>\n<p class=\"link-more\"><a href=\"https:\/\/jaffvtt.fr\/index.php\/conditions-de-location-de-velo\/\" class=\"more-link\">Read more<span class=\"screen-reader-text\"> &#8220;Conditions de Location de V\u00e9lo&#8221;<\/span><\/a><\/p>\n","protected":false},"author":1,"featured_media":0,"parent":0,"menu_order":0,"comment_status":"closed","ping_status":"closed","template":"","meta":{"footnotes":""},"class_list":["post-1577","page","type-page","status-publish","hentry"],"_links":{"self":[{"href":"https:\/\/jaffvtt.fr\/index.php\/wp-json\/wp\/v2\/pages\/1577","targetHints":{"allow":["GET"]}}],"collection":[{"href":"https:\/\/jaffvtt.fr\/index.php\/wp-json\/wp\/v2\/pages"}],"about":[{"href":"https:\/\/jaffvtt.fr\/index.php\/wp-json\/wp\/v2\/types\/page"}],"author":[{"embeddable":true,"href":"https:\/\/jaffvtt.fr\/index.php\/wp-json\/wp\/v2\/users\/1"}],"replies":[{"embeddable":true,"href":"https:\/\/jaffvtt.fr\/index.php\/wp-json\/wp\/v2\/comments?post=1577"}],"version-history":[{"count":16,"href":"https:\/\/jaffvtt.fr\/index.php\/wp-json\/wp\/v2\/pages\/1577\/revisions"}],"predecessor-version":[{"id":1654,"href":"https:\/\/jaffvtt.fr\/index.php\/wp-json\/wp\/v2\/pages\/1577\/revisions\/1654"}],"wp:attachment":[{"href":"https:\/\/jaffvtt.fr\/index.php\/wp-json\/wp\/v2\/media?parent=1577"}],"curies":[{"name":"wp","href":"https:\/\/api.w.org\/{rel}","templated":true}]}}